{"id":5240,"date":"2023-07-13T14:22:42","date_gmt":"2023-07-13T12:22:42","guid":{"rendered":"https:\/\/certoplast.com\/gizlilik-politikasi\/"},"modified":"2025-04-07T11:21:00","modified_gmt":"2025-04-07T09:21:00","slug":"gizlilik-politikasi","status":"publish","type":"page","link":"https:\/\/certoplast.com\/tr\/gizlilik-politikasi\/","title":{"rendered":"Gizlilik Politikas\u0131"},"content":{"rendered":"<section class=\"gb-container gb-container-e4a6c0a8 gb-container-default\">\n<div class=\"gb-container gb-container-c7df1ec9\">\n<div class=\"gb-grid-wrapper gb-grid-wrapper-6a48ed2e\">\n<div class=\"gb-grid-column gb-grid-column-6eb6a587\"><div class=\"gb-container gb-container-6eb6a587\">\n\n<div class=\"wp-block-pixel-headline headlines is-subheadline-bottom has-text-align-left\"><h1 class=\"headline\" style=\"color:\">G\u0130ZL\u0130L\u0130K POL\u0130T\u0130KASI<\/h1><\/div>\n\n\n\n<h2 class=\"wp-block-heading\">1. BI\u0307R BAKI\u015eTA VERI\u0307 KORUMA<\/h2>\n\n\n\n<h3 class=\"wp-block-heading\">Genel bilgi<\/h3>\n\n\n\n<p>A\u015fa\u011f\u0131daki bilgiler, web sitemizi ziyaret etti\u011finizde ki\u015fisel verilerinize ne oldu\u011funa dair basit bir genel bak\u0131\u015f sa\u011flar. Ki\u015fisel veriler, sizi ki\u015fisel olarak tan\u0131mlamak i\u00e7in kullan\u0131labilecek her t\u00fcrl\u00fc veridir. Veri koruma konusuna ili\u015fkin ayr\u0131nt\u0131l\u0131 bilgileri bu metnin alt\u0131nda yer alan veri koruma beyan\u0131m\u0131zda bulabilirsiniz.  <\/p>\n\n\n\n<h3 class=\"wp-block-heading\">Web sitemizde veri toplama<\/h3>\n\n\n\n<p><strong>Bu web sitesinde veri toplanmas\u0131ndan kim sorumludur?<\/strong><\/p>\n\n\n\n<p>Bu web sitesindeki veri i\u015fleme web sitesi operat\u00f6r\u00fc taraf\u0131ndan ger\u00e7ekle\u015ftirilir. Operat\u00f6r\u00fcn ileti\u015fim bilgilerini bu web sitesinin yasal bildiriminde bulabilirsiniz. <\/p>\n\n\n\n<p><strong>Verilerinizi nas\u0131l topluyoruz?<\/strong><\/p>\n\n\n\n<p>Bir yandan, verileriniz bize sa\u011flad\u0131\u011f\u0131n\u0131zda toplan\u0131r. Bu, \u00f6rne\u011fin, bir ileti\u015fim formuna girdi\u011finiz veriler olabilir. <\/p>\n\n\n\n<p>Di\u011fer veriler, web sitesini ziyaret etti\u011finizde BT sistemlerimiz taraf\u0131ndan otomatik olarak toplan\u0131r. Bunlar \u00f6ncelikle teknik verilerdir (\u00f6rne\u011fin internet taray\u0131c\u0131s\u0131, i\u015fletim sistemi veya sayfa g\u00f6r\u00fcnt\u00fcleme zaman\u0131). Bu veriler, web sitemize girdi\u011finiz anda otomatik olarak toplan\u0131r.  <\/p>\n\n\n\n<p><strong>Verilerinizi ne i\u00e7in kullan\u0131yoruz?<\/strong><\/p>\n\n\n\n<p>Verilerin bir k\u0131sm\u0131, web sitesinin hatas\u0131z bir \u015fekilde sunulmas\u0131n\u0131 sa\u011flamak i\u00e7in toplan\u0131r. Di\u011fer veriler kullan\u0131c\u0131 davran\u0131\u015f\u0131n\u0131z\u0131 analiz etmek i\u00e7in kullan\u0131labilir. <\/p>\n\n\n\n<p><strong>Verilerinizle ilgili hangi haklara sahipsiniz?<\/strong><\/p>\n\n\n\n<p>Saklanan ki\u015fisel verilerinizin kayna\u011f\u0131, al\u0131c\u0131s\u0131 ve amac\u0131 hakk\u0131nda istedi\u011finiz zaman \u00fccretsiz olarak bilgi alma hakk\u0131na sahipsiniz. Ayr\u0131ca bu verilerin d\u00fczeltilmesini, engellenmesini veya silinmesini talep etme hakk\u0131na da sahipsiniz. Veri koruma konusunda ba\u015fka sorular\u0131n\u0131z varsa, yasal bildirimde verilen adresten istedi\u011finiz zaman bizimle ileti\u015fime ge\u00e7ebilirsiniz. Ayr\u0131ca yetkili denetim makam\u0131na \u015fikayette bulunma hakk\u0131na da sahipsiniz.   <\/p>\n\n\n\n<h3 class=\"wp-block-heading\">\u00dc\u00e7\u00fcnc\u00fc taraf sa\u011flay\u0131c\u0131lar\u0131n analiz ara\u00e7lar\u0131 ve ara\u00e7lar\u0131<\/h3>\n\n\n\n<p>Web sitemizi ziyaret etti\u011finizde, gezinme davran\u0131\u015f\u0131n\u0131z istatistiksel olarak de\u011ferlendirilebilir. Bu, \u00f6ncelikle \u00e7erezler ve s\u00f6zde analiz programlar\u0131 kullan\u0131larak yap\u0131l\u0131r. Gezinme davran\u0131\u015f\u0131n\u0131z\u0131n analizi genellikle anonimdir; gezinme davran\u0131\u015f\u0131n\u0131z size kadar izlenemez. Bu analize itiraz edebilir veya belirli ara\u00e7lar\u0131 kullanmayarak bunu \u00f6nleyebilirsiniz. Bununla ilgili ayr\u0131nt\u0131l\u0131 bilgileri a\u015fa\u011f\u0131daki gizlilik politikas\u0131nda bulabilirsiniz.    <\/p>\n\n\n\n<p>Bu analize itiraz edebilirsiniz. Bu gizlilik politikas\u0131ndaki itiraz se\u00e7enekleri hakk\u0131nda sizi bilgilendirece\u011fiz. <\/p>\n\n\n\n<h2 class=\"wp-block-heading\">2. GENEL NOTLAR VE ZORUNLU BI\u0307LGI\u0307LER<\/h2>\n\n\n\n<h3 class=\"wp-block-heading\">Veri koruma<\/h3>\n\n\n\n<p>Bu sayfalar\u0131n operat\u00f6rleri ki\u015fisel verilerinizin korunmas\u0131n\u0131 \u00e7ok ciddiye almaktad\u0131r. Ki\u015fisel verilerinizi gizli ve yasal veri koruma d\u00fczenlemelerine ve bu gizlilik politikas\u0131na uygun olarak ele al\u0131yoruz. <\/p>\n\n\n\n<p>Bu web sitesini kulland\u0131\u011f\u0131n\u0131zda, \u00e7e\u015fitli ki\u015fisel veriler toplan\u0131r. Ki\u015fisel veriler, sizi ki\u015fisel olarak tan\u0131mlamak i\u00e7in kullan\u0131labilecek verilerdir. Bu gizlilik politikas\u0131 hangi verileri toplad\u0131\u011f\u0131m\u0131z\u0131 ve bunlar\u0131 ne i\u00e7in kulland\u0131\u011f\u0131m\u0131z\u0131 a\u00e7\u0131klamaktad\u0131r. Ayr\u0131ca bunun nas\u0131l ve ne ama\u00e7la yap\u0131ld\u0131\u011f\u0131n\u0131 da a\u00e7\u0131klar.   <\/p>\n\n\n\n<p>\u0130nternet \u00fczerinden veri aktar\u0131m\u0131n\u0131n (\u00f6rne\u011fin e-posta ile ileti\u015fim kurarken) g\u00fcvenlik a\u00e7\u0131klar\u0131na tabi olabilece\u011fini belirtmek isteriz. Verilerin \u00fc\u00e7\u00fcnc\u00fc taraflar\u0131n eri\u015fimine kar\u015f\u0131 tam olarak korunmas\u0131 m\u00fcmk\u00fcn de\u011fildir. <\/p>\n\n\n\n<h3 class=\"wp-block-heading\">Sorumlu kurulu\u015f hakk\u0131nda not<\/h3>\n\n\n\n<p>Bu web sitesindeki veri i\u015flemeden sorumlu kontrol\u00f6r<\/p>\n\n\n\n<p>certoplast Technische Klebeb\u00e4nder GmbH<\/p>\n\n\n\n<p>M\u00fcngstener Stra\u00dfe 10<\/p>\n\n\n\n<p>42285 Wuppertal<\/p>\n\n\n\n<p>Telefon: +49 (0) 202 &#8211; 25548-0<\/p>\n\n\n\n<p>E-posta: verkauf@certoplast.com<\/p>\n\n\n\n<p>Kontrol\u00f6r, ki\u015fisel verilerin (\u00f6rne\u011fin isimler, e-posta adresleri vb.) i\u015flenme ama\u00e7lar\u0131n\u0131 ve ara\u00e7lar\u0131n\u0131 tek ba\u015f\u0131na veya ba\u015fkalar\u0131yla birlikte belirleyen ger\u00e7ek veya t\u00fczel ki\u015fidir.<\/p>\n\n\n\n<h3 class=\"wp-block-heading\">Veri i\u015fleme izninizin iptali<\/h3>\n\n\n\n<p>Bir\u00e7ok veri i\u015fleme i\u015flemi yaln\u0131zca sizin a\u00e7\u0131k r\u0131zan\u0131zla m\u00fcmk\u00fcnd\u00fcr. Vermi\u015f oldu\u011funuz herhangi bir onay\u0131 istedi\u011finiz zaman iptal edebilirsiniz. Tek yapman\u0131z gereken bize resmi olmayan bir e-posta g\u00f6ndermektir. \u0130ptal edilene kadar ger\u00e7ekle\u015ftirilen veri i\u015flemenin yasall\u0131\u011f\u0131 iptalden etkilenmez.   <\/p>\n\n\n\n<h3 class=\"wp-block-heading\">Yetkili denetim makam\u0131na \u015fikayette bulunma hakk\u0131<\/h3>\n\n\n\n<p>Veri koruma yasas\u0131n\u0131n ihlal edilmesi durumunda, ilgili ki\u015fi yetkili denetim makam\u0131na \u015fikayette bulunma hakk\u0131na sahiptir. Veri koruma konular\u0131nda yetkili denetim makam\u0131, \u015firketimizin bulundu\u011fu federal eyaletin eyalet veri koruma g\u00f6revlisidir. Veri koruma g\u00f6revlilerinin bir listesi ve ileti\u015fim bilgileri a\u015fa\u011f\u0131daki ba\u011flant\u0131da bulunabilir: <a href=\"https:\/\/www.bfdi.bund.de\/DE\/Infothek\/Anschriften_Links\/anschriften_links-node.html\" target=\"_blank\" rel=\"noreferrer noopener\">https:\/\/www.bfdi.bund.de\/DE\/Infothek\/Anschriften_Links\/anschriften_links-node.html<\/a>.  <\/p>\n\n\n\n<h3 class=\"wp-block-heading\">SSL veya TLS \u015fifreleme<\/h3>\n\n\n\n<p>Bu site, g\u00fcvenlik nedenleriyle ve site operat\u00f6r\u00fc olarak bize g\u00f6nderdi\u011finiz sipari\u015fler veya sorular gibi gizli i\u00e7eriklerin iletimini korumak i\u00e7in SSL veya TLS \u015fifreleme kullan\u0131r. \u015eifrelenmi\u015f bir ba\u011flant\u0131y\u0131, taray\u0131c\u0131n\u0131z\u0131n adres sat\u0131r\u0131n\u0131n &#8220;http:\/\/&#8221; yerine &#8220;https:\/\/&#8221; olarak de\u011fi\u015fmesinden ve taray\u0131c\u0131 sat\u0131r\u0131n\u0131zdaki kilit sembol\u00fcnden anlayabilirsiniz. <\/p>\n\n\n\n<p>SSL veya TLS \u015fifrelemesi etkinle\u015ftirilirse, bize iletti\u011finiz veriler \u00fc\u00e7\u00fcnc\u00fc taraflarca okunamaz.<\/p>\n\n\n\n<h3 class=\"wp-block-heading\">Bilgi, engelleme, silme<\/h3>\n\n\n\n<p>Y\u00fcr\u00fcrl\u00fckteki yasal h\u00fck\u00fcmler \u00e7er\u00e7evesinde, saklanan ki\u015fisel verileriniz, bunlar\u0131n kayna\u011f\u0131 ve al\u0131c\u0131lar\u0131 ve veri i\u015flemenin amac\u0131 hakk\u0131nda \u00fccretsiz bilgi alma ve gerekirse bu verileri istedi\u011finiz zaman d\u00fczeltme, engelleme veya silme hakk\u0131na sahipsiniz. Ki\u015fisel veriler konusunda ba\u015fka sorular\u0131n\u0131z varsa, yasal bildirimde verilen adresten istedi\u011finiz zaman bizimle ileti\u015fime ge\u00e7ebilirsiniz. <\/p>\n\n\n\n<h2 class=\"wp-block-heading\">3. VERI\u0307 KORUMA G\u00d6REVLI\u0307SI\u0307<\/h2>\n\n\n\n<h3 class=\"wp-block-heading\">Kanunen gerekli veri koruma g\u00f6revlisi<\/h3>\n\n\n\n<p>\u015eirketimiz i\u00e7in bir veri koruma g\u00f6revlisi atad\u0131k.<\/p>\n\n\n\n<p>Alfred Jurek<br\/>Chalonweg 22<br\/>42699 Solingen  <\/p>\n\n<\/div><\/div>\n\n<div class=\"gb-grid-column gb-grid-column-e4339366\"><div class=\"gb-container gb-container-e4339366\">\n\n<h2 class=\"wp-block-heading\">4. WEB SITEMIZDE VERI TOPLAMA<\/h2>\n\n\n\n<h3 class=\"wp-block-heading\">\u00c7erezler<\/h3>\n\n\n\n<p>\u0130nternet sayfalar\u0131n\u0131n baz\u0131lar\u0131nda \u00e7erezler kullan\u0131lmaktad\u0131r. \u00c7erezler bilgisayar\u0131n\u0131za zarar vermez ve vir\u00fcs i\u00e7ermez. \u00c7erezler, web sitemizi daha kullan\u0131c\u0131 dostu, etkili ve g\u00fcvenli hale getirmek i\u00e7in kullan\u0131l\u0131r. \u00c7erezler, bilgisayar\u0131n\u0131zda depolanan ve taray\u0131c\u0131n\u0131z taraf\u0131ndan kaydedilen k\u00fc\u00e7\u00fck metin dosyalar\u0131d\u0131r.   <\/p>\n\n\n\n<p>Kulland\u0131\u011f\u0131m\u0131z \u00e7erezlerin \u00e7o\u011fu &#8220;oturum \u00e7erezleri&#8221; olarak adland\u0131r\u0131l\u0131r. Ziyaretinizin sonunda otomatik olarak silinirler. Di\u011fer \u00e7erezler, siz onlar\u0131 silene kadar son cihaz\u0131n\u0131zda sakl\u0131 kal\u0131r. Bu \u00e7erezler, bir sonraki ziyaretinizde taray\u0131c\u0131n\u0131z\u0131 tan\u0131mam\u0131z\u0131 sa\u011flar.   <\/p>\n\n\n\n<p>Taray\u0131c\u0131n\u0131z\u0131, \u00e7erezlerin ayarlanmas\u0131 hakk\u0131nda bilgilendirilecek ve yaln\u0131zca bireysel durumlarda \u00e7erezlere izin verecek, belirli durumlar i\u00e7in veya genel olarak \u00e7erezlerin kabul\u00fcn\u00fc hari\u00e7 tutacak ve taray\u0131c\u0131y\u0131 kapat\u0131rken \u00e7erezlerin otomatik olarak silinmesini etkinle\u015ftirecek \u015fekilde ayarlayabilirsiniz. \u00c7erezler devre d\u0131\u015f\u0131 b\u0131rak\u0131l\u0131rsa, bu web sitesinin i\u015flevselli\u011fi k\u0131s\u0131tlanabilir. <\/p>\n\n\n\n<p>Elektronik ileti\u015fim s\u00fcrecini y\u00fcr\u00fctmek veya talep etti\u011finiz belirli i\u015flevleri (\u00f6rne\u011fin al\u0131\u015fveri\u015f sepeti i\u015flevi) sa\u011flamak i\u00e7in gerekli olan \u00e7erezler, GDPR Madde 6 paragraf 1 lit. f temelinde saklan\u0131r. Web sitesi operat\u00f6r\u00fc, hizmetlerinin teknik olarak hatas\u0131z ve optimize edilmi\u015f bir \u015fekilde sunulmas\u0131 i\u00e7in \u00e7erezlerin saklanmas\u0131nda me\u015fru bir menfaate sahiptir. Di\u011fer \u00e7erezler (\u00f6rn. gezinme davran\u0131\u015f\u0131n\u0131z\u0131 analiz etmek i\u00e7in \u00e7erezler) sakland\u0131\u011f\u0131 s\u00fcrece, bunlar bu gizlilik politikas\u0131nda ayr\u0131 olarak ele al\u0131nmaktad\u0131r.    <\/p>\n\n\n\n<h3 class=\"wp-block-heading\">Sunucu g\u00fcnl\u00fck dosyalar\u0131<\/h3>\n\n\n\n<p>Sayfalar\u0131n sa\u011flay\u0131c\u0131s\u0131, taray\u0131c\u0131n\u0131z\u0131n otomatik olarak bize iletti\u011fi sunucu g\u00fcnl\u00fck dosyalar\u0131ndaki bilgileri otomatik olarak toplar ve saklar. Bunlar <\/p>\n\n\n\n<ul class=\"wp-block-list\">\n<li>Taray\u0131c\u0131 t\u00fcr\u00fc ve taray\u0131c\u0131 s\u00fcr\u00fcm\u00fc<\/li>\n\n\n\n<li>Kullan\u0131lan i\u015fletim sistemi<\/li>\n\n\n\n<li>Y\u00f6nlendiren URL<\/li>\n\n\n\n<li>Eri\u015fen bilgisayar\u0131n ana bilgisayar ad\u0131<\/li>\n\n\n\n<li>Sunucu iste\u011finin zaman\u0131<\/li>\n\n\n\n<li>IP adresi<\/li>\n<\/ul>\n\n\n\n<p>Bu veriler di\u011fer veri kaynaklar\u0131yla birle\u015ftirilmemi\u015ftir.<\/p>\n\n\n\n<p>Veri i\u015flemenin temeli, bir s\u00f6zle\u015fmenin veya s\u00f6zle\u015fme \u00f6ncesi \u00f6nlemlerin yerine getirilmesi i\u00e7in verilerin i\u015flenmesine izin veren GDPR Madde 6 paragraf 1 lit. f&#8217;dir.  <\/p>\n\n\n\n<h3 class=\"wp-block-heading\">\u0130leti\u015fim formu<\/h3>\n\n\n\n<p>\u0130leti\u015fim formu arac\u0131l\u0131\u011f\u0131yla bize soru g\u00f6nderirseniz, orada sa\u011flad\u0131\u011f\u0131n\u0131z ileti\u015fim bilgileri de dahil olmak \u00fczere, talep formundaki bilgileriniz, talebin i\u015flenmesi amac\u0131yla ve takip sorular\u0131 durumunda taraf\u0131m\u0131zdan saklanacakt\u0131r. Bu verileri sizin izniniz olmadan aktarmayaca\u011f\u0131z. <\/p>\n\n\n\n<p>Bu nedenle, ileti\u015fim formuna girilen veriler yaln\u0131zca sizin izniniz temelinde i\u015flenir (GDPR Madde 6 paragraf 1 lit. a). Bu onay\u0131 istedi\u011finiz zaman iptal edebilirsiniz. Tek yapman\u0131z gereken bize resmi olmayan bir e-posta g\u00f6ndermektir. \u0130ptal edilene kadar ger\u00e7ekle\u015ftirilen veri i\u015fleme faaliyetlerinin yasall\u0131\u011f\u0131 iptalden etkilenmez.   <\/p>\n\n\n\n<p>\u0130leti\u015fim formunda sa\u011flad\u0131\u011f\u0131n\u0131z verileri, siz silinmesini talep edene, saklanmas\u0131 i\u00e7in verdi\u011finiz izni iptal edene veya saklanma amac\u0131 art\u0131k ge\u00e7erli olmayana kadar (\u00f6rne\u011fin talebinizi yerine getirdikten sonra) saklayaca\u011f\u0131z. Zorunlu yasal h\u00fck\u00fcmler &#8211; \u00f6zellikle saklama s\u00fcreleri &#8211; etkilenmeden kal\u0131r. <\/p>\n\n\n\n<h2 class=\"wp-block-heading\">5. ANALI\u0307Z ARA\u00c7LARI VE REKLAMCILIK<\/h2>\n\n\n\n<h3 class=\"wp-block-heading\">Matomo (eski ad\u0131yla Piwik)<\/h3>\n\n\n\n<p>Bu web sitesi a\u00e7\u0131k kaynakl\u0131 web analiz hizmeti Matomo&#8217;yu kullanmaktad\u0131r. Matomo &#8220;\u00e7erezler&#8221; olarak adland\u0131r\u0131lan \u00e7erezleri kullan\u0131r. Bunlar, bilgisayar\u0131n\u0131zda depolanan ve web sitesini kullan\u0131m\u0131n\u0131z\u0131n analiz edilmesini sa\u011flayan metin dosyalar\u0131d\u0131r. Bu ama\u00e7la, \u00e7erez taraf\u0131ndan bu web sitesinin kullan\u0131m\u0131 hakk\u0131nda olu\u015fturulan bilgiler sunucumuzda saklan\u0131r. IP adresi kaydedilmeden \u00f6nce anonimle\u015ftirilir.    <\/p>\n\n\n\n<p>Matomo \u00e7erezleri, siz onlar\u0131 silene kadar son cihaz\u0131n\u0131zda kal\u0131r.<\/p>\n\n\n\n<p>Matomo \u00e7erezleri, GDPR Madde 6 paragraf 1 lit. f temelinde saklan\u0131r. Web sitesi operat\u00f6r\u00fc, hem web sitesini hem de reklamlar\u0131n\u0131 optimize etmek i\u00e7in kullan\u0131c\u0131 davran\u0131\u015f\u0131n\u0131n anonimle\u015ftirilmi\u015f analizinde me\u015fru bir menfaate sahiptir.   <\/p>\n\n\n\n<p>Bu web sitesinin kullan\u0131m\u0131 hakk\u0131nda \u00e7erez taraf\u0131ndan olu\u015fturulan bilgiler \u00fc\u00e7\u00fcnc\u00fc taraflara aktar\u0131lmaz. Taray\u0131c\u0131n\u0131zda uygun ayarlar\u0131 se\u00e7erek \u00e7erez kullan\u0131m\u0131n\u0131 reddedebilirsiniz, ancak bunu yaparsan\u0131z bu web sitesinin t\u00fcm i\u015flevlerini kullanamayabilece\u011finizi l\u00fctfen unutmay\u0131n. <\/p>\n\n\n\n<p>Verilerinizin depolanmas\u0131n\u0131 ve kullan\u0131lmas\u0131n\u0131 kabul etmiyorsan\u0131z, depolama ve kullan\u0131m\u0131 buradan devre d\u0131\u015f\u0131 b\u0131rakabilirsiniz. Bu durumda, taray\u0131c\u0131n\u0131zda Matomo&#8217;nun kullan\u0131m verilerini depolamas\u0131n\u0131 engelleyen bir devre d\u0131\u015f\u0131 b\u0131rakma \u00e7erezi saklan\u0131r. \u00c7erezlerinizi silerseniz, Matomo devre d\u0131\u015f\u0131 b\u0131rakma \u00e7erezi de silinecektir. Sitemizi tekrar ziyaret etti\u011finizde devre d\u0131\u015f\u0131 b\u0131rakma yeniden etkinle\u015ftirilmelidir.   <\/p>\n\n\n\n<figure class=\"wp-block-embed\"><div class=\"wp-block-embed__wrapper\">\nhttps:\/\/certoplast.com\/piwik\/index.php?module=CoreAdminHome&#038;action=optOut&#038;language=de\n<\/div><\/figure>\n\n\n\n<p><\/p>\n\n\n\n<h2 class=\"wp-block-heading\">6. EKLENTILER VE ARA\u00c7LAR<\/h2>\n\n\n\n<h3 class=\"wp-block-heading\">Google Web Yaz\u0131 Tipleri<\/h3>\n\n\n\n<p>Bu site, yaz\u0131 tiplerinin standartla\u015ft\u0131r\u0131lm\u0131\u015f g\u00f6sterimi i\u00e7in Google taraf\u0131ndan sa\u011flanan s\u00f6zde web yaz\u0131 tiplerini kullan\u0131r. Bir sayfay\u0131 \u00e7a\u011f\u0131rd\u0131\u011f\u0131n\u0131zda, taray\u0131c\u0131n\u0131z metinleri ve yaz\u0131 tiplerini do\u011fru \u015fekilde g\u00f6r\u00fcnt\u00fclemek i\u00e7in gerekli web yaz\u0131 tiplerini taray\u0131c\u0131 \u00f6nbelle\u011finize y\u00fckler. <\/p>\n\n\n\n<p>Bu ama\u00e7la, kulland\u0131\u011f\u0131n\u0131z taray\u0131c\u0131 Google&#8217;\u0131n sunucular\u0131na ba\u011flanmal\u0131d\u0131r. Bu, Google&#8217;a web sitemize IP adresiniz \u00fczerinden eri\u015fildi\u011fini bildirir. Google Web Fonts kullan\u0131m\u0131, \u00e7evrimi\u00e7i tekliflerimizin tek tip ve \u00e7ekici bir \u015fekilde sunulmas\u0131 i\u00e7indir. Bu, GDPR&#8217;nin 6. maddesinin 1. f\u0131kras\u0131n\u0131n f bendi anlam\u0131nda me\u015fru bir menfaat te\u015fkil eder.     <\/p>\n\n\n\n<p>Taray\u0131c\u0131n\u0131z web yaz\u0131 tiplerini desteklemiyorsa, bilgisayar\u0131n\u0131z taraf\u0131ndan standart bir yaz\u0131 tipi kullan\u0131lacakt\u0131r.<\/p>\n\n\n\n<p>Google Web Fonts hakk\u0131nda daha fazla bilgi <a href=\"https:\/\/developers.google.com\/fonts\/faq\" target=\"_blank\" rel=\"noreferrer noopener\">https:\/\/developers.google.com\/fonts\/faq<\/a> adresinde ve Google&#8217;\u0131n gizlilik politikas\u0131nda bulunabilir: <a href=\"https:\/\/www.google.com\/policies\/privacy\/\" target=\"_blank\" rel=\"noreferrer noopener\">https:\/\/www.google.com\/policies\/privacy\/<\/a>.<\/p>\n\n\n\n<h3 class=\"wp-block-heading\">Google Haritalar<\/h3>\n\n\n\n<p>Bu site bir API arac\u0131l\u0131\u011f\u0131yla Google Maps harita hizmetini kullanmaktad\u0131r. Sa\u011flay\u0131c\u0131 Google LLC, 1600 Amphitheatre Parkway, Mountain View, CA 94043, ABD&#8217;dir. <\/p>\n\n\n\n<p>Google Haritalar&#8217;\u0131n i\u015flevlerini kullanmak i\u00e7in IP adresinizi kaydetmeniz gerekir. Bu bilgiler genellikle ABD&#8217;deki bir Google sunucusuna aktar\u0131l\u0131r ve orada saklan\u0131r. Bu sitenin sa\u011flay\u0131c\u0131s\u0131n\u0131n bu veri aktar\u0131m\u0131 \u00fczerinde hi\u00e7bir etkisi yoktur.  <\/p>\n\n\n\n<p>Google Haritalar&#8217;\u0131n kullan\u0131m\u0131, \u00e7evrimi\u00e7i tekliflerimizin \u00e7ekici bir \u015fekilde sunulmas\u0131 ve web sitesinde belirtti\u011fimiz yerlerin bulunmas\u0131n\u0131 kolayla\u015ft\u0131rmak i\u00e7indir. Bu, GDPR&#8217;nin 6. maddesinin 1. f\u0131kras\u0131n\u0131n f bendi anlam\u0131nda me\u015fru bir menfaat te\u015fkil etmektedir.   <\/p>\n\n\n\n<p>Kullan\u0131c\u0131 verilerinin i\u015flenmesi hakk\u0131nda daha fazla bilgiyi Google&#8217;\u0131n gizlilik politikas\u0131nda bulabilirsiniz: <a href=\"https:\/\/www.google.de\/intl\/de\/policies\/privacy\/\" target=\"_blank\" rel=\"noreferrer noopener\">https:\/\/www.google.de\/intl\/de\/policies\/privacy\/<\/a>.<\/p>\n\n<\/div><\/div>\n<\/div>\n<\/div>\n<\/section>","protected":false},"excerpt":{"rendered":"","protected":false},"author":1,"featured_media":0,"parent":0,"menu_order":9,"comment_status":"closed","ping_status":"closed","template":"","meta":{"_acf_changed":false,"inline_featured_image":false,"footnotes":""},"class_list":["post-5240","page","type-page","status-publish"],"acf":[],"_links":{"self":[{"href":"https:\/\/certoplast.com\/tr\/wp-json\/wp\/v2\/pages\/5240","targetHints":{"allow":["GET"]}}],"collection":[{"href":"https:\/\/certoplast.com\/tr\/wp-json\/wp\/v2\/pages"}],"about":[{"href":"https:\/\/certoplast.com\/tr\/wp-json\/wp\/v2\/types\/page"}],"author":[{"embeddable":true,"href":"https:\/\/certoplast.com\/tr\/wp-json\/wp\/v2\/users\/1"}],"replies":[{"embeddable":true,"href":"https:\/\/certoplast.com\/tr\/wp-json\/wp\/v2\/comments?post=5240"}],"version-history":[{"count":1,"href":"https:\/\/certoplast.com\/tr\/wp-json\/wp\/v2\/pages\/5240\/revisions"}],"predecessor-version":[{"id":5245,"href":"https:\/\/certoplast.com\/tr\/wp-json\/wp\/v2\/pages\/5240\/revisions\/5245"}],"wp:attachment":[{"href":"https:\/\/certoplast.com\/tr\/wp-json\/wp\/v2\/media?parent=5240"}],"curies":[{"name":"wp","href":"https:\/\/api.w.org\/{rel}","templated":true}]}}